{"id":535,"date":"2016-04-25T16:18:31","date_gmt":"2016-04-25T13:18:31","guid":{"rendered":"http:\/\/www.mbaymm.com\/?page_id=535"},"modified":"2016-08-22T18:02:03","modified_gmt":"2016-08-22T15:02:03","slug":"misyonumuz-vizyonumuz","status":"publish","type":"page","link":"https:\/\/www.esdymm.com\/?page_id=535","title":{"rendered":"Misyonumuz &#8211; Vizyonumuz"},"content":{"rendered":"<p style=\"text-align: justify;\"><strong>M\u0130SYONUMUZ<\/strong><\/p>\n<p style=\"text-align: justify;\">Muhasebe ile ilgili uygulamalara y\u00f6n veren bilimsel ve teknolojik \u00e7al\u0131\u015fmalar yaparak. Mesleki hak ve hukukumuzu korumak \u00fczere bilgi payla\u015f\u0131m\u0131 ile s\u00fcrekli e\u011fitimler ve yay\u0131nlarla kendimle birlikte meslek mensuplar\u0131n\u0131n bilgi birikimini, kariyerini geli\u015ftiren Mesleki birlikteli\u011fi \u00f6n plana \u00e7\u0131kartan bir meslek mensubu olmak.<\/p>\n<p style=\"text-align: justify;\"><strong>V\u0130ZYONUMUZ<\/strong><\/p>\n<p style=\"text-align: justify;\">Ge\u00e7mi\u015fe sayg\u0131 duyan.Gelece\u011fe umutla bakan,<\/p>\n<p style=\"text-align: justify;\">Gelece\u011fe y\u00f6nelik \u00e7al\u0131\u015fmalarla,<\/p>\n<p style=\"text-align: justify;\">Yenilik\u00e7i, \u015feffaf ve hesap verebilirli\u011fi savunan<\/p>\n<p style=\"text-align: justify;\">Toplum ve \u00e7evreye kar\u015f\u0131 duyarl\u0131;<\/p>\n<p style=\"text-align: justify;\">Bir meslek mensubu olarak meslek camias\u0131nda yer almakt\u0131r.<\/p>\n<blockquote>\n<h3 style=\"text-align: justify;\"><strong>&#8220;Hi\u00e7bir Sorun \u00c7\u00f6z\u00fcms\u00fcz De\u011fildir.&#8221;<\/strong><\/h3>\n<\/blockquote>\n","protected":false},"excerpt":{"rendered":"<p>M\u0130SYONUMUZ Muhasebe ile ilgili uygulamalara y\u00f6n veren bilimsel ve teknolojik \u00e7al\u0131\u015fmalar yaparak. Mesleki hak ve hukukumuzu korumak \u00fczere bilgi payla\u015f\u0131m\u0131 ile s\u00fcrekli e\u011fitimler ve yay\u0131nlarla kendimle birlikte meslek mensuplar\u0131n\u0131n bilgi birikimini, kariyerini geli\u015ftiren Mesleki birlikteli\u011fi \u00f6n plana \u00e7\u0131kartan bir meslek mensubu olmak. V\u0130ZYONUMUZ Ge\u00e7mi\u015fe sayg\u0131 duyan.Gelece\u011fe umutla bakan, Gelece\u011fe y\u00f6nelik \u00e7al\u0131\u015fmalarla, Yenilik\u00e7i, \u015feffaf ve hesap [&hellip;]<\/p>\n","protected":false},"author":1,"featured_media":0,"parent":116,"menu_order":0,"comment_status":"closed","ping_status":"closed","template":"page-full-width.php","meta":{"footnotes":""},"class_list":["post-535","page","type-page","status-publish","hentry"],"_links":{"self":[{"href":"https:\/\/www.esdymm.com\/index.php?rest_route=\/wp\/v2\/pages\/535","targetHints":{"allow":["GET"]}}],"collection":[{"href":"https:\/\/www.esdymm.com\/index.php?rest_route=\/wp\/v2\/pages"}],"about":[{"href":"https:\/\/www.esdymm.com\/index.php?rest_route=\/wp\/v2\/types\/page"}],"author":[{"embeddable":true,"href":"https:\/\/www.esdymm.com\/index.php?rest_route=\/wp\/v2\/users\/1"}],"replies":[{"embeddable":true,"href":"https:\/\/www.esdymm.com\/index.php?rest_route=%2Fwp%2Fv2%2Fcomments&post=535"}],"version-history":[{"count":1,"href":"https:\/\/www.esdymm.com\/index.php?rest_route=\/wp\/v2\/pages\/535\/revisions"}],"predecessor-version":[{"id":582,"href":"https:\/\/www.esdymm.com\/index.php?rest_route=\/wp\/v2\/pages\/535\/revisions\/582"}],"up":[{"embeddable":true,"href":"https:\/\/www.esdymm.com\/index.php?rest_route=\/wp\/v2\/pages\/116"}],"wp:attachment":[{"href":"https:\/\/www.esdymm.com\/index.php?rest_route=%2Fwp%2Fv2%2Fmedia&parent=535"}],"curies":[{"name":"wp","href":"https:\/\/api.w.org\/{rel}","templated":true}]}}